{"id":489,"date":"2026-02-05T13:41:19","date_gmt":"2026-02-05T13:41:19","guid":{"rendered":"https:\/\/muniacora.gob.pe\/?page_id=489"},"modified":"2026-02-05T16:52:03","modified_gmt":"2026-02-05T16:52:03","slug":"historia","status":"publish","type":"page","link":"http:\/\/muniacora.gob.pe\/index.php\/historia\/","title":{"rendered":"HISTORIA"},"content":{"rendered":"\t\t<div data-elementor-type=\"wp-page\" data-elementor-id=\"489\" class=\"elementor elementor-489\" data-elementor-post-type=\"page\">\n\t\t\t\t<div class=\"elementor-element elementor-element-da9915b e-flex e-con-boxed e-con e-parent\" data-id=\"da9915b\" data-element_type=\"container\" data-e-type=\"container\">\n\t\t\t\t\t<div class=\"e-con-inner\">\n\t\t\t\t<div class=\"elementor-element elementor-element-6babbde elementor-widget elementor-widget-heading\" data-id=\"6babbde\" data-element_type=\"widget\" data-e-type=\"widget\" data-widget_type=\"heading.default\">\n\t\t\t\t\t<h2 class=\"elementor-heading-title elementor-size-default\">Historia de Acora<\/h2>\t\t\t\t<\/div>\n\t\t\t\t<div class=\"elementor-element elementor-element-0015c4f elementor-widget__width-initial elementor-widget elementor-widget-image\" data-id=\"0015c4f\" data-element_type=\"widget\" data-e-type=\"widget\" data-widget_type=\"image.default\">\n\t\t\t\t\t\t\t\t\t\t\t\t\t\t\t<img fetchpriority=\"high\" decoding=\"async\" width=\"937\" height=\"610\" src=\"http:\/\/muniacora.gob.pe\/wp-content\/uploads\/2026\/02\/album009.jpg\" class=\"attachment-large size-large wp-image-504\" alt=\"\" srcset=\"http:\/\/muniacora.gob.pe\/wp-content\/uploads\/2026\/02\/album009.jpg 937w, http:\/\/muniacora.gob.pe\/wp-content\/uploads\/2026\/02\/album009-300x195.jpg 300w, http:\/\/muniacora.gob.pe\/wp-content\/uploads\/2026\/02\/album009-768x500.jpg 768w\" sizes=\"(max-width: 937px) 100vw, 937px\" \/>\t\t\t\t\t\t\t\t\t\t\t\t\t\t\t<\/div>\n\t\t\t\t\t<\/div>\n\t\t\t\t<\/div>\n\t\t<div class=\"elementor-element elementor-element-2cff9c5 e-flex e-con-boxed e-con e-parent\" data-id=\"2cff9c5\" data-element_type=\"container\" data-e-type=\"container\">\n\t\t\t\t\t<div class=\"e-con-inner\">\n\t\t\t\t<div class=\"elementor-element elementor-element-a68f40c elementor-widget elementor-widget-heading\" data-id=\"a68f40c\" data-element_type=\"widget\" data-e-type=\"widget\" data-widget_type=\"heading.default\">\n\t\t\t\t\t<h2 class=\"elementor-heading-title elementor-size-default\">AUTOR: YONY RODRIGUEZ ARIZACA<\/h2>\t\t\t\t<\/div>\n\t\t\t\t\t<\/div>\n\t\t\t\t<\/div>\n\t\t<div class=\"elementor-element elementor-element-10f067c e-flex e-con-boxed e-con e-parent\" data-id=\"10f067c\" data-element_type=\"container\" data-e-type=\"container\">\n\t\t\t\t\t<div class=\"e-con-inner\">\n\t\t\t\t<div class=\"elementor-element elementor-element-44d7299 elementor-widget elementor-widget-text-editor\" data-id=\"44d7299\" data-element_type=\"widget\" data-e-type=\"widget\" data-widget_type=\"text-editor.default\">\n\t\t\t\t\t\t\t\t\t<p><span dir=\"auto\" style=\"vertical-align: inherit;\"><span dir=\"auto\" style=\"vertical-align: inherit;\"><span dir=\"auto\" style=\"vertical-align: inherit;\"><span dir=\"auto\" style=\"vertical-align: inherit;\">Acora es de aquellos pueblos aymaras que supo estar en el \u00e1mbito de las culturas tan importantes como la Pucar\u00e1, Tiahuanaco y otras. En lo \u00e9tnico y en lo pol\u00edtico, fue uno de los pueblos cabeceras del Collao y hoy, como ayer sigue siendo una vital\u00edsima fuente de la cultura aymara y busca en estos \u00faltimos tiempos convertirse en provincia nueva de la regi\u00f3n Puno. En su devenir hist\u00f3rico, distingue cinco per\u00edodos importantes. El primero es la inauguraci\u00f3n de Quillana que transcurre en sus diferentes puntos de la jurisdicci\u00f3n hasta que una organizaci\u00f3n m\u00e1s sedentaria constituyera una comunidad importante en Q&#8217;illuxani al que los Lupakas reembolsaron y dieron su administraci\u00f3n. El segundo, es por la circunferencia del Tampo Axura que con la administraci\u00f3n Lupaka e Inka alcanz\u00f3 el estatus de pueblo cabecera, seguido del per\u00edodo de la invasi\u00f3n hispana en el que, sobre el pueblo existente se erige el asiento colonial bautizado como la \u201cVilla de San Pedro\u201d, para su gobierno espa\u00f1ol jurisdiccional que corresponde propiamente a la colonia; y actualmente, el cuarto y el quinto per\u00edodo, corresponden a la vida republicana ya la urbe actual del siglo XXI.<\/span><\/span><\/span><\/span><\/p>\n<p><strong><span dir=\"auto\" style=\"vertical-align: inherit;\"><span dir=\"auto\" style=\"vertical-align: inherit;\"><span dir=\"auto\" style=\"vertical-align: inherit;\"><span dir=\"auto\" style=\"vertical-align: inherit;\">ACONTECIMIENTOS HIST\u00d3RICOS EN ACORA<\/span><\/span><\/span><\/span><\/strong><\/p>\n<p><span dir=\"auto\" style=\"vertical-align: inherit;\"><span dir=\"auto\" style=\"vertical-align: inherit;\"><span dir=\"auto\" style=\"vertical-align: inherit;\"><span dir=\"auto\" style=\"vertical-align: inherit;\">En su capital se llevaron a cabo muchos de los hechos hist\u00f3ricos de importancia. Aqu\u00ed, en este pueblo se decret\u00f3 la primera abolici\u00f3n y la libertad general para los esclavos negros, dado por Diego Crist\u00f3bal T\u00fapac Amaru en 1781; aqu\u00ed desde el cacique, Agust\u00edn Catacora, enfrent\u00f3 al poder espa\u00f1ol por tres a\u00f1os; un hijo acore\u00f1o de nombre Juan Basilio Catacora Heredia, dio el primer grito emancipador de Am\u00e9rica en el Alto Per\u00fa, antes que el libertador Jos\u00e9 de San Mart\u00edn; en este pueblo se gest\u00f3 la creaci\u00f3n de la rep\u00fablica de Bolivia. En Acora, se firm\u00f3 el tratado de paz del conflicto por la confederaci\u00f3n Per\u00fa-Boliviana, en su poblado de Marca Esque\u00f1a se gan\u00f3 la batalla a los virreinales espa\u00f1oles. Y, sendos titulares de importantes medios de comunicaci\u00f3n (nacionales e internacionales) hablaron de este pueblo dando cuenta que en esta jurisdicci\u00f3n estaban los primeros asentamientos humanos m\u00e1s antiguos de la regi\u00f3n, que en la vecina comunidad de Jach&#8217;a Cachi se encontr\u00f3 la ornamenta de oro m\u00e1s antigua de Am\u00e9rica y as\u00ed mismo hab\u00edan encontrado el hallazgo m\u00e1s grande con 133 fardos funerarios en la localidad de Ch&#8217;ilachani.<\/span><\/span><\/span><\/span><\/p>\n<p><strong><span dir=\"auto\" style=\"vertical-align: inherit;\"><span dir=\"auto\" style=\"vertical-align: inherit;\"><span dir=\"auto\" style=\"vertical-align: inherit;\"><span dir=\"auto\" style=\"vertical-align: inherit;\">TRASLADO DE ACORA A LA PROVINCIA DEL CERCADO DE PUNO<\/span><\/span><\/span><\/span><\/strong><\/p>\n<p><span dir=\"auto\" style=\"vertical-align: inherit;\"><span dir=\"auto\" style=\"vertical-align: inherit;\"><span dir=\"auto\" style=\"vertical-align: inherit;\"><span dir=\"auto\" style=\"vertical-align: inherit;\">La conmemoraci\u00f3n del 170 aniversario, este 02 de mayo, no es porque en esa fecha se haya creado el distrito, sino porque el decreto provisorio del 2 de mayo dispuso la reorganizaci\u00f3n territorial y la creaci\u00f3n de la nueva provincia de Puno que Ram\u00f3n Castilla hab\u00eda creado en aquella ocasi\u00f3n del a\u00f1o 1854; y que sin duda, el distrito de Acora fue trasladada de la provincia de Chucuito y obligado a pertenecer a la nueva provincia del cercado Puno. La existencia de Acora, como distrito, se remonta m\u00e1s all\u00e1 de aquella disposici\u00f3n o decreto de Ram\u00f3n Castilla. Existe oficialmente desde el 12 de noviembre de 1823 y est\u00e1 entre los primeros distritos formados para el departamento de Puno. Decimos esto porque as\u00ed lo atestiguan los primeros informes de los primeros diputados representantes de la provincia de Chucuito, las actas de los colegios electorales de la provincia de Chucuito, los informes de los prefectos y subprefectos durante el primer gobierno del Mariscal Ram\u00f3n Castilla (1845-1850) y entre otros documentos de archivo hist\u00f3rico que respaldan nuestra afirmaci\u00f3n. Si bien no pudo asentarse u oficializarse como tal en 1823, fue porque Puno a\u00fan estaba en manos de Espa\u00f1a, defendido por los realistas. Es decir, en Puno a\u00fan no se hab\u00eda alcanzado la independencia de 1821, no al menos hasta el 27 y 30 de diciembre de 1824. La asignaci\u00f3n del primer alcalde, habr\u00eda reca\u00eddo en nada menos que en un ex-cacique recaudador de tributos llamado, Nicol\u00e1s Romero y Fusther, capit\u00e1n del ej\u00e9rcito espa\u00f1ol, conocido por ser muy cruel con los indios. Este alcalde, no hizo m\u00e1s que dedicarse a reclutar gente y estar del lado de los realistas, de manera que tras la jura de la independencia en Puno, al parecer, qued\u00f3 sin efecto.<\/span><\/span><\/span><\/span><\/p>\n<p><strong><span dir=\"auto\" style=\"vertical-align: inherit;\"><span dir=\"auto\" style=\"vertical-align: inherit;\"><span dir=\"auto\" style=\"vertical-align: inherit;\"><span dir=\"auto\" style=\"vertical-align: inherit;\">REPARTIMIENTO DE LA VILLA SAN PEDRO DE ACORA 1824<\/span><\/span><\/span><\/span><\/strong><\/p>\n<p><span dir=\"auto\" style=\"vertical-align: inherit;\"><span dir=\"auto\" style=\"vertical-align: inherit;\">Tiempo e inmediato tras la guerra independentista contra Espa\u00f1a que dur\u00f3 en Puno hasta 1824, el antiguo cacicazgo o repartimiento de la villa de San Pedro de Acora, pas\u00f3 a constituirse oficialmente en distrito de la provincia de Chucuito y dependiente de la subprefectura del mismo nombre, raz\u00f3n por la cual todos los primeros dispositivos legales de la rep\u00fablica sobre Acora, est\u00e1n ligados a la demarcaci\u00f3n global del territorio de Chucuito y Puno, del cual varios autores dan dicha antig\u00fcedad, por ejemplo, C\u00e9sar Garc\u00eda Rosell (1972:1) en su diccionario geogr\u00e1fico del Per\u00fa; Daniel Quispe Machaca (1998:51), en territorio y los pueblos de Puno, entre otros. Su primer alcalde oficial en conducir su municipio republicano, fue el soldado independentista llamado Vicente V\u00e1squez, propietario de la famosa y recordada casa Oulli Uyuni y abuelo del escritor acore\u00f1o, Emilio V\u00e1squez Chamorro. Debi\u00f3 haber sido nombrado por el ingl\u00e9s Guillermo Miller, prefecto en 1825. Desde entonces, es m\u00e1s claro a\u00fan su registro como distrito.<\/span><\/span><\/p>\n<p>Otras fuentes que nos ayudan a reforzar esta antig\u00fcedad de la creaci\u00f3n del distrito de Acora antes a 1854, est\u00e1n, por ejemplo, la carta del Intendente de Chucuito, Don Juan Baptista Rospigliosi al prefecto de Pino en octubre 29 de 1825, donde se advierte que en el distrito de Acora, la gobernaci\u00f3n se ten\u00eda interinamente nombrado a Juan Catacora. As\u00ed mismo, hacia noviembre 10 de 1825 ya figura como alcalde el se\u00f1or Vicente V\u00e1squez y como gobernador, don Jos\u00e9 \u00c1ngel Catacora (en reemplazo de Juan Catacora) en un documento en el que este \u00faltimo env\u00eda tres cuatreros o ladrones para que fueran enviados como reclutas. En otra carta del prefecto de Puno, Don Manuel Aparicio, que dirige al subprefecto de Chucuito, Don Pedro Miguel de Urbina, de noviembre 28 de 1825 se advierte y se menciona la existencia del distrito de Acora y su municipalidad. As\u00ed mismo, el primer prefecto del departamento y luego subprefecto de Chucuito, don Pedro Miguel de Urbina, viv\u00eda en Acora y desde all\u00ed hac\u00eda los despachos de documentos correspondientes. Por ejemplo, en una de ellas, fechado el 13 julio de 1825 dice: \u201cQue ha prevenido a los alcaldes y funcionarios de esta provincia de Chucuito, cuidar de los oficiales saquen los caballos fuera de los lugares en las que recibieron\u201d. Otro documento que prueba la antig\u00fcedad como distrito a este pueblo, es el Acta de Colegios Electorales, cuando en 1826 se manda en consulta el proyecto de la constituci\u00f3n vitalicia de 1826 en todo el pa\u00eds. En aquella ocasi\u00f3n, en la ya definida provincia de Chucuito se llev\u00f3 la consulta en reuni\u00f3n de todas las autoridades pol\u00edticas provinciales y distritales que sancionaron la Ley que ha de regir, emanada en la constituci\u00f3n de 1826. Dicha asamblea de consulta se llev\u00f3 en la ciudad de Chucuito (Iglesia Mayor de la Asunci\u00f3n), el 25 de diciembre de 1826, congregado el colegio electoral de esta provincia de Chucuito, donde tambi\u00e9n asistieron y firmaron el acta los representantes del distrito de Acora en las personas de Jos\u00e9 \u00c1ngel Catacora, como gobernador y Vicente V\u00e1squez (V\u00e1squez), alcalde. Su primer municipio o cabildo, debi\u00f3 constituirse hacia 1834 o posterior a ella, pues, la constituci\u00f3n de 1834 no ten\u00eda en cuenta el factor poblacional ni las necesidades sociales para crear municipios. Sin embargo, en la actualidad no existe documentaci\u00f3n hist\u00f3rica alguna del proceso de su instituci\u00f3n. Se dice que han sido incinerados o perdidos los documentos por los gobiernos que han transcurrido por su municipalidad. Solamente se sabe que los registros de nacimiento y defunci\u00f3n eran llevados por los p\u00e1rrocos de sus iglesias principales. La parte pol\u00edtica administrativa estaba a cargo de un gobernador o s\u00edndico. Y, probablemente los otros tipos de registros hayan sido tambi\u00e9n manejados por los gobernadores, pues se sabe que estos personajes tambi\u00e9n manejaban los libros de estado civil y registros estad\u00edsticos de Acora, muchas veces en sus casas. No est\u00e1 por dem\u00e1s suponer que all\u00ed registraban los nacimientos, defunciones y matrimonios. Hacia 1840, aparece tambi\u00e9n aquella publicaci\u00f3n inserta en el diario \u201cEl Comercio\u201d de Lima, con fecha de 30 de junio de 1840 y con el t\u00edtulo de \u201cEstad\u00edstica\u201d donde se se\u00f1ala a Acora como distrito. Refuerza tambi\u00e9n esta antig\u00fcedad, los primeros informes de los primeros diputados representantes de la provincia de Chucuito, los informes de los prefectos durante el primer gobierno del Mariscal Ram\u00f3n Castilla (1845-1850) y, entre otros documentos de archivo hist\u00f3rico que respaldan nuestra afirmaci\u00f3n. Hacia 1843, Manuel Costas, fue nombrado subprefecto de Chucuito (Puno), cargo que ejerci\u00f3 durante varios a\u00f1os, en cuyos informes est\u00e1 Acora como distrito integrante de su jurisdicci\u00f3n. Otro documento de la prefectura del departamento de Puno hecho por el Prefecto, Don Manuel Mariano Basagoitia, daba a conocer al Ministro de Gobierno, Instrucci\u00f3n P\u00fablica y Beneficencia, de fecha 25 de octubre de 1848, que, en el distrito de Acora de la provincia de Chucuito se hab\u00eda trabajado una c\u00e1rcel, con gastos que se ha hecho del \u201cRamo\u201d de propios. En 1849, el Prefecto de Puno, acatando la Ley del 6 de diciembre de 1849, ordena a los subprefectos y gobernadores, organizar expedientes y acopiar todos los datos para una nueva demarcaci\u00f3n. En ella, el distrito de Acora aparece en la demarcaci\u00f3n pol\u00edtica de Chucuito.<\/p>\n<p><strong>EL TRASLADO DEL DISTRITO DE ACORA AL CERCADO DE PUNO<\/strong><\/p>\n<p>Por la misma \u00e9poca, aparece tambi\u00e9n Acora como distrito de Chucuito en la geograf\u00eda del Per\u00fa, descrito por Mateo Paz Sold\u00e1n, que fue elaborado anterior a 1850, hasta que Don Ram\u00f3n Castilla y Marquesado; despu\u00e9s de derrocar al presidente Echenique, dict\u00f3 el decreto dictatorial desde el Cusco, con fecha 2 de mayo de 1854, modificando la demarcaci\u00f3n territorial de las provincias de Puno y ordenando el traslado de los distritos de Acora, Chucuito y Pichacani a la nueva provincia del cercado que se fundaba y que era la de Puno. Hacia 1864, 10 a\u00f1os despu\u00e9s de su traslado a la provincia de Puno, fue promovido a ser la capital de la provincia de Chucuito por una Ley del Congreso de la Rep\u00fablica, dado en Lima con fecha 19 de noviembre de 1864, que promov\u00eda que el distrito de San Pedro de Acora, fuese capital de Chucuito (Archivo Regional de Puno, Historia: Documento suelto) y que, con la venida de la guerra con Chile, qued\u00f3 trunco. As\u00ed como podemos ver el distrito de Acora, desde el 12 de noviembre de 1823, evolucion\u00f3 con distintos ritmos, con falencias y aciertos, mostrando paulatinamente el avance de su desarrollo pol\u00edtico y cultural. En 1892, la carta fundamental de la rep\u00fablica, dispone en el cap\u00edtulo II, T\u00edtulo X, Art. 203 a 206 el establecimiento y funcionamiento de concejos municipales en las capitales de provincias y de distritos. Y, es as\u00ed como se consolida el pueblo de Acora como uno de los 12 distritos que por entonces ten\u00eda Puno.<\/p>\n<p>Hacia 1908, en m\u00e9rito a su destacada importancia, la localidad de Acora fue promovido a la categor\u00eda de capital del distrito y reconocido oficialmente con el rango de \u201cVilla\u201d por ley N\u00b0 757 del 3 de octubre de 1908, seg\u00fan como hemos venido viendo. Para ello, los ciudadanos de Acora presentaron una petici\u00f3n escrita, solicitando el ascenso a la categor\u00eda de ciudad, por ser un distrito adelantado y progresista. La respuesta no se hizo esperar, el gobierno de Augusto B. Legu\u00eda, resolvi\u00f3 favorablemente la petici\u00f3n. Fue en 1926 en que construyeron el sal\u00f3n consistorial tras derrumbar la antigua c\u00e1rcel para dar paso a la casona de la sede administrativa del gobierno local mandado por el presb\u00edtero, Juan M. Mariscal, su alcalde y que en el futuro devino al actual palacio municipal. Posteriores documentos como el Decreto Supremo del arquitecto, Fernando Belaunde Terry (1967), no solamente reconoce y considera el d\u00eda 2 de mayo de 1854 como fecha trascendental de reordenamiento territorial en la regi\u00f3n Puno, ante la deficiente demarcaci\u00f3n territorial&nbsp; existente en el Per\u00fa de entonces; sino declara como d\u00eda c\u00edvico y aniversario del pueblo de Acora. Petici\u00f3n que sin duda fue alcanzado por intermedio del Diputado por Puno, Don Fernando Manrique Enr\u00edquez, seg\u00fan el oficio N\u00b0 135 del 07 de octubre del a\u00f1o 1967. Por tanto, el aniversario que actualmente los acore\u00f1os celebramos con indisoluble solemnidad cada 2 de mayo con una recargada y cultural semana jubilar, no se trata realmente de una fecha fundacional; sino, del traslado del distrito de Acora a la provincia de Puno.<\/p>\t\t\t\t\t\t\t\t<\/div>\n\t\t\t\t\t<\/div>\n\t\t\t\t<\/div>\n\t\t\t\t<\/div>\n\t\t","protected":false},"excerpt":{"rendered":"<p>Historia de Acora AUTOR: YONY RODRIGUEZ ARIZACA Acora es de aquellos pueblos aymaras que supo estar en el \u00e1mbito de las culturas tan importantes como la Pucar\u00e1, Tiahuanaco y otras. En lo \u00e9tnico y en lo pol\u00edtico, fue uno de los pueblos cabeceras del Collao y hoy, como ayer sigue siendo una vital\u00edsima fuente de&hellip;&nbsp;<a href=\"http:\/\/muniacora.gob.pe\/index.php\/historia\/\" rel=\"bookmark\"><span class=\"screen-reader-text\">HISTORIA<\/span><\/a><\/p>\n","protected":false},"author":1,"featured_media":0,"parent":0,"menu_order":0,"comment_status":"closed","ping_status":"closed","template":"page-templates\/template-pagebuilder-full-width.php","meta":{"neve_meta_sidebar":"","neve_meta_container":"","neve_meta_enable_content_width":"","neve_meta_content_width":0,"neve_meta_title_alignment":"","neve_meta_author_avatar":"","neve_post_elements_order":"","neve_meta_disable_header":"","neve_meta_disable_footer":"","neve_meta_disable_title":"","footnotes":""},"class_list":["post-489","page","type-page","status-publish","hentry"],"_links":{"self":[{"href":"http:\/\/muniacora.gob.pe\/index.php\/wp-json\/wp\/v2\/pages\/489","targetHints":{"allow":["GET"]}}],"collection":[{"href":"http:\/\/muniacora.gob.pe\/index.php\/wp-json\/wp\/v2\/pages"}],"about":[{"href":"http:\/\/muniacora.gob.pe\/index.php\/wp-json\/wp\/v2\/types\/page"}],"author":[{"embeddable":true,"href":"http:\/\/muniacora.gob.pe\/index.php\/wp-json\/wp\/v2\/users\/1"}],"replies":[{"embeddable":true,"href":"http:\/\/muniacora.gob.pe\/index.php\/wp-json\/wp\/v2\/comments?post=489"}],"version-history":[{"count":7,"href":"http:\/\/muniacora.gob.pe\/index.php\/wp-json\/wp\/v2\/pages\/489\/revisions"}],"predecessor-version":[{"id":512,"href":"http:\/\/muniacora.gob.pe\/index.php\/wp-json\/wp\/v2\/pages\/489\/revisions\/512"}],"wp:attachment":[{"href":"http:\/\/muniacora.gob.pe\/index.php\/wp-json\/wp\/v2\/media?parent=489"}],"curies":[{"name":"wp","href":"https:\/\/api.w.org\/{rel}","templated":true}]}}